{"id":86,"date":"2020-04-27T21:56:46","date_gmt":"2020-04-27T19:56:46","guid":{"rendered":"http:\/\/archers-odet.com\/WordPress-AO\/?page_id=86"},"modified":"2025-11-10T22:59:36","modified_gmt":"2025-11-10T21:59:36","slug":"albums-photo","status":"publish","type":"page","link":"https:\/\/archers-odet.com\/WordPress-AO\/albums-photo\/","title":{"rendered":"Albums photo"},"content":{"rendered":"\n<figure class=\"wp-block-image size-full\"><a href=\"https:\/\/photos.app.goo.gl\/YQuo87JSBzia22pS7\" target=\"_blank\" rel=\" noreferrer noopener\"><img loading=\"lazy\" decoding=\"async\" width=\"930\" height=\"189\" src=\"https:\/\/archers-odet.com\/WordPress-AO\/wp-content\/uploads\/2025\/11\/251102_18m_930x190.png\" alt=\"Tir en salle \u00e0 18m le 02\/11\/2025\" class=\"wp-image-7308\" srcset=\"https:\/\/archers-odet.com\/WordPress-AO\/wp-content\/uploads\/2025\/11\/251102_18m_930x190.png 930w, https:\/\/archers-odet.com\/WordPress-AO\/wp-content\/uploads\/2025\/11\/251102_18m_930x190-300x61.png 300w, https:\/\/archers-odet.com\/WordPress-AO\/wp-content\/uploads\/2025\/11\/251102_18m_930x190-150x30.png 150w, https:\/\/archers-odet.com\/WordPress-AO\/wp-content\/uploads\/2025\/11\/251102_18m_930x190-768x156.png 768w\" sizes=\"auto, (max-width: 930px) 100vw, 930px\" \/><\/a><\/figure>\n\n\n\n<h2 class=\"wp-block-heading\" style=\"font-size:1px\"><\/h2>\n\n\n\n<figure class=\"wp-block-image size-large\"><a href=\"https:\/\/photos.app.goo.gl\/wagmszVEsCGUPpEC6\" target=\"_blank\" rel=\"noreferrer noopener\"><img decoding=\"async\" src=\"https:\/\/archers-odet.com\/WordPress-AO\/wp-content\/uploads\/2025\/05\/250517_3D_930x190.png\" alt=\"Tir 3D \u00e0 Saint Alouarn le 17 mai 2025\"\/><\/a><\/figure>\n\n\n\n<h2 class=\"wp-block-heading\" style=\"font-size:1px\"><\/h2>\n\n\n\n<figure class=\"wp-block-image size-full\"><a href=\"https:\/\/photos.app.goo.gl\/z5QRrpF8GiyRvFrV6\" target=\"_blank\" rel=\"noreferrer noopener\"><img loading=\"lazy\" decoding=\"async\" width=\"930\" height=\"189\" src=\"https:\/\/archers-odet.com\/WordPress-AO\/wp-content\/uploads\/2025\/01\/250118_18m-CD29_equipe_930x190.png\" alt=\"\" class=\"wp-image-7240\" srcset=\"https:\/\/archers-odet.com\/WordPress-AO\/wp-content\/uploads\/2025\/01\/250118_18m-CD29_equipe_930x190.png 930w, https:\/\/archers-odet.com\/WordPress-AO\/wp-content\/uploads\/2025\/01\/250118_18m-CD29_equipe_930x190-300x61.png 300w, https:\/\/archers-odet.com\/WordPress-AO\/wp-content\/uploads\/2025\/01\/250118_18m-CD29_equipe_930x190-150x30.png 150w, https:\/\/archers-odet.com\/WordPress-AO\/wp-content\/uploads\/2025\/01\/250118_18m-CD29_equipe_930x190-768x156.png 768w\" sizes=\"auto, (max-width: 930px) 100vw, 930px\" \/><\/a><\/figure>\n\n\n\n<h2 class=\"wp-block-heading\" style=\"font-size:1px\"><\/h2>\n\n\n\n<figure class=\"wp-block-image size-full\"><a href=\"https:\/\/photos.app.goo.gl\/S6o1a4FPEr4q1g3PA\" target=\"_blank\" rel=\"noreferrer noopener\"><img loading=\"lazy\" decoding=\"async\" width=\"930\" height=\"189\" src=\"https:\/\/archers-odet.com\/WordPress-AO\/wp-content\/uploads\/2024\/12\/241217_Tir_de_Noel_930x190.png\" alt=\"\" class=\"wp-image-7236\" srcset=\"https:\/\/archers-odet.com\/WordPress-AO\/wp-content\/uploads\/2024\/12\/241217_Tir_de_Noel_930x190.png 930w, https:\/\/archers-odet.com\/WordPress-AO\/wp-content\/uploads\/2024\/12\/241217_Tir_de_Noel_930x190-300x61.png 300w, https:\/\/archers-odet.com\/WordPress-AO\/wp-content\/uploads\/2024\/12\/241217_Tir_de_Noel_930x190-150x30.png 150w, https:\/\/archers-odet.com\/WordPress-AO\/wp-content\/uploads\/2024\/12\/241217_Tir_de_Noel_930x190-768x156.png 768w\" sizes=\"auto, (max-width: 930px) 100vw, 930px\" \/><\/a><\/figure>\n\n\n\n<h2 class=\"wp-block-heading\" style=\"font-size:1px\"><\/h2>\n\n\n\n<figure class=\"wp-block-image size-full\"><a href=\"https:\/\/photos.app.goo.gl\/81HxTCCvnPi2DqwdA\" target=\"_blank\" rel=\"noreferrer noopener\"><img loading=\"lazy\" decoding=\"async\" width=\"930\" height=\"189\" src=\"https:\/\/archers-odet.com\/WordPress-AO\/wp-content\/uploads\/2024\/12\/241215_CD_29_salle_Sport_Adapte_930x190.png\" alt=\"\" class=\"wp-image-7234\" srcset=\"https:\/\/archers-odet.com\/WordPress-AO\/wp-content\/uploads\/2024\/12\/241215_CD_29_salle_Sport_Adapte_930x190.png 930w, https:\/\/archers-odet.com\/WordPress-AO\/wp-content\/uploads\/2024\/12\/241215_CD_29_salle_Sport_Adapte_930x190-300x61.png 300w, https:\/\/archers-odet.com\/WordPress-AO\/wp-content\/uploads\/2024\/12\/241215_CD_29_salle_Sport_Adapte_930x190-150x30.png 150w, https:\/\/archers-odet.com\/WordPress-AO\/wp-content\/uploads\/2024\/12\/241215_CD_29_salle_Sport_Adapte_930x190-768x156.png 768w\" sizes=\"auto, (max-width: 930px) 100vw, 930px\" \/><\/a><\/figure>\n\n\n\n<h2 class=\"wp-block-heading\" style=\"font-size:1px\"><\/h2>\n\n\n\n<figure class=\"wp-block-image size-full\"><a href=\"https:\/\/photos.app.goo.gl\/DAZ2VS2cDMrxNEDo9\" target=\"_blank\" rel=\"noreferrer noopener\"><img loading=\"lazy\" decoding=\"async\" width=\"930\" height=\"189\" src=\"https:\/\/archers-odet.com\/WordPress-AO\/wp-content\/uploads\/2024\/11\/241103_Salle-18m_930x190.png\" alt=\"\" class=\"wp-image-7219\" srcset=\"https:\/\/archers-odet.com\/WordPress-AO\/wp-content\/uploads\/2024\/11\/241103_Salle-18m_930x190.png 930w, https:\/\/archers-odet.com\/WordPress-AO\/wp-content\/uploads\/2024\/11\/241103_Salle-18m_930x190-300x61.png 300w, https:\/\/archers-odet.com\/WordPress-AO\/wp-content\/uploads\/2024\/11\/241103_Salle-18m_930x190-150x30.png 150w, https:\/\/archers-odet.com\/WordPress-AO\/wp-content\/uploads\/2024\/11\/241103_Salle-18m_930x190-768x156.png 768w\" sizes=\"auto, (max-width: 930px) 100vw, 930px\" \/><\/a><\/figure>\n\n\n\n<p style=\"font-size:1px\"><\/p>\n\n\n\n<figure class=\"wp-block-image size-full\"><a href=\"https:\/\/photos.app.goo.gl\/o6ujJ2CXgt5RS3EbA\" target=\"_blank\" rel=\"noreferrer noopener\"><img loading=\"lazy\" decoding=\"async\" width=\"930\" height=\"189\" src=\"https:\/\/archers-odet.com\/WordPress-AO\/wp-content\/uploads\/2023\/11\/231105_Salle_18m_930x190.png\" alt=\"Concours de tir en salle le 05\/11\/2023\" class=\"wp-image-6773\" srcset=\"https:\/\/archers-odet.com\/WordPress-AO\/wp-content\/uploads\/2023\/11\/231105_Salle_18m_930x190.png 930w, https:\/\/archers-odet.com\/WordPress-AO\/wp-content\/uploads\/2023\/11\/231105_Salle_18m_930x190-300x61.png 300w, https:\/\/archers-odet.com\/WordPress-AO\/wp-content\/uploads\/2023\/11\/231105_Salle_18m_930x190-150x30.png 150w, https:\/\/archers-odet.com\/WordPress-AO\/wp-content\/uploads\/2023\/11\/231105_Salle_18m_930x190-768x156.png 768w\" sizes=\"auto, (max-width: 930px) 100vw, 930px\" \/><\/a><\/figure>\n\n\n\n<p style=\"font-size:1px\"><\/p>\n\n\n\n<figure class=\"wp-block-image size-full\"><a href=\"https:\/\/photos.app.goo.gl\/yatgbLj66SAZHPzV6\" target=\"_blank\" rel=\"noreferrer noopener\"><img loading=\"lazy\" decoding=\"async\" width=\"930\" height=\"189\" src=\"https:\/\/archers-odet.com\/WordPress-AO\/wp-content\/uploads\/2023\/05\/230521_TAEI-CD29_930x190.png\" alt=\"21\/05\/2023 TAEI &amp; CD29\" class=\"wp-image-6709\" srcset=\"https:\/\/archers-odet.com\/WordPress-AO\/wp-content\/uploads\/2023\/05\/230521_TAEI-CD29_930x190.png 930w, https:\/\/archers-odet.com\/WordPress-AO\/wp-content\/uploads\/2023\/05\/230521_TAEI-CD29_930x190-300x61.png 300w, https:\/\/archers-odet.com\/WordPress-AO\/wp-content\/uploads\/2023\/05\/230521_TAEI-CD29_930x190-150x30.png 150w, https:\/\/archers-odet.com\/WordPress-AO\/wp-content\/uploads\/2023\/05\/230521_TAEI-CD29_930x190-768x156.png 768w\" sizes=\"auto, (max-width: 930px) 100vw, 930px\" \/><\/a><\/figure>\n\n\n\n<p style=\"font-size:1px\"><\/p>\n\n\n\n<figure class=\"wp-block-image size-full\"><a href=\"https:\/\/photos.app.goo.gl\/unhAUMkZp25SPPqY9\" target=\"_blank\" rel=\"noreferrer noopener\"><img loading=\"lazy\" decoding=\"async\" width=\"930\" height=\"189\" src=\"https:\/\/archers-odet.com\/WordPress-AO\/wp-content\/uploads\/2023\/05\/230430_Campagne_930x190_.png\" alt=\"Tir campagne au bois de Saint Alouarn le 30\/04\/2023.\" class=\"wp-image-6706\" srcset=\"https:\/\/archers-odet.com\/WordPress-AO\/wp-content\/uploads\/2023\/05\/230430_Campagne_930x190_.png 930w, https:\/\/archers-odet.com\/WordPress-AO\/wp-content\/uploads\/2023\/05\/230430_Campagne_930x190_-300x61.png 300w, https:\/\/archers-odet.com\/WordPress-AO\/wp-content\/uploads\/2023\/05\/230430_Campagne_930x190_-150x30.png 150w, https:\/\/archers-odet.com\/WordPress-AO\/wp-content\/uploads\/2023\/05\/230430_Campagne_930x190_-768x156.png 768w\" sizes=\"auto, (max-width: 930px) 100vw, 930px\" \/><\/a><\/figure>\n\n\n\n<p style=\"font-size:1px\"><\/p>\n\n\n\n<figure class=\"wp-block-image size-full\"><a href=\"https:\/\/photos.app.goo.gl\/PLKEYS2PJY5r7MLh8\" target=\"_blank\" rel=\"noreferrer noopener\"><img loading=\"lazy\" decoding=\"async\" width=\"930\" height=\"189\" src=\"https:\/\/archers-odet.com\/WordPress-AO\/wp-content\/uploads\/2023\/03\/23031112_3D_930x190.png\" alt=\"Tir 3D \u00e0 St Alouarn les 11 et 12 mars 2023.\" class=\"wp-image-6696\" srcset=\"https:\/\/archers-odet.com\/WordPress-AO\/wp-content\/uploads\/2023\/03\/23031112_3D_930x190.png 930w, https:\/\/archers-odet.com\/WordPress-AO\/wp-content\/uploads\/2023\/03\/23031112_3D_930x190-300x61.png 300w, https:\/\/archers-odet.com\/WordPress-AO\/wp-content\/uploads\/2023\/03\/23031112_3D_930x190-150x30.png 150w, https:\/\/archers-odet.com\/WordPress-AO\/wp-content\/uploads\/2023\/03\/23031112_3D_930x190-768x156.png 768w\" sizes=\"auto, (max-width: 930px) 100vw, 930px\" \/><\/a><\/figure>\n\n\n\n<p style=\"font-size:1px\"><\/p>\n\n\n\n<figure class=\"wp-block-image size-full\"><a href=\"https:\/\/photos.app.goo.gl\/Q1mYVUkSj5isyy8CA\" target=\"_blank\" rel=\"noreferrer noopener\"><img loading=\"lazy\" decoding=\"async\" width=\"930\" height=\"189\" src=\"https:\/\/archers-odet.com\/WordPress-AO\/wp-content\/uploads\/2022\/12\/221210_CD29_Sport_Adapte_930x190.png\" alt=\"10\/12\/2022 - CD29 Sport adapt\u00e9\" class=\"wp-image-6690\" srcset=\"https:\/\/archers-odet.com\/WordPress-AO\/wp-content\/uploads\/2022\/12\/221210_CD29_Sport_Adapte_930x190.png 930w, https:\/\/archers-odet.com\/WordPress-AO\/wp-content\/uploads\/2022\/12\/221210_CD29_Sport_Adapte_930x190-300x61.png 300w, https:\/\/archers-odet.com\/WordPress-AO\/wp-content\/uploads\/2022\/12\/221210_CD29_Sport_Adapte_930x190-150x30.png 150w, https:\/\/archers-odet.com\/WordPress-AO\/wp-content\/uploads\/2022\/12\/221210_CD29_Sport_Adapte_930x190-768x156.png 768w\" sizes=\"auto, (max-width: 930px) 100vw, 930px\" \/><\/a><\/figure>\n\n\n\n<p style=\"font-size:1px\"><\/p>\n\n\n\n<figure class=\"wp-block-image size-full\"><a href=\"https:\/\/photos.app.goo.gl\/NGCB1FVxRxHsDXcJ7\" target=\"_blank\" rel=\"noreferrer noopener\"><img loading=\"lazy\" decoding=\"async\" width=\"930\" height=\"189\" src=\"https:\/\/archers-odet.com\/WordPress-AO\/wp-content\/uploads\/2022\/11\/221106_Salle18m_930x190.png\" alt=\"06\/11\/2022 - Tir en salle \u00e0 18m.\" class=\"wp-image-6680\" srcset=\"https:\/\/archers-odet.com\/WordPress-AO\/wp-content\/uploads\/2022\/11\/221106_Salle18m_930x190.png 930w, https:\/\/archers-odet.com\/WordPress-AO\/wp-content\/uploads\/2022\/11\/221106_Salle18m_930x190-300x61.png 300w, https:\/\/archers-odet.com\/WordPress-AO\/wp-content\/uploads\/2022\/11\/221106_Salle18m_930x190-150x30.png 150w, https:\/\/archers-odet.com\/WordPress-AO\/wp-content\/uploads\/2022\/11\/221106_Salle18m_930x190-768x156.png 768w\" sizes=\"auto, (max-width: 930px) 100vw, 930px\" \/><\/a><\/figure>\n\n\n\n<p style=\"font-size:1px\"><\/p>\n\n\n\n<figure class=\"wp-block-image size-large\"><a href=\"https:\/\/photos.app.goo.gl\/JY3xDZUMQGMAyaReA\" target=\"_blank\" rel=\"noopener\"><img loading=\"lazy\" decoding=\"async\" width=\"930\" height=\"189\" src=\"https:\/\/archers-odet.com\/WordPress-AO\/wp-content\/uploads\/2022\/07\/220626_40ans_930x190.jpg\" alt=\"26 juin 2022 - 40 ans\" class=\"wp-image-6578\" srcset=\"https:\/\/archers-odet.com\/WordPress-AO\/wp-content\/uploads\/2022\/07\/220626_40ans_930x190.jpg 930w, https:\/\/archers-odet.com\/WordPress-AO\/wp-content\/uploads\/2022\/07\/220626_40ans_930x190-300x61.jpg 300w, https:\/\/archers-odet.com\/WordPress-AO\/wp-content\/uploads\/2022\/07\/220626_40ans_930x190-150x30.jpg 150w, https:\/\/archers-odet.com\/WordPress-AO\/wp-content\/uploads\/2022\/07\/220626_40ans_930x190-768x156.jpg 768w\" sizes=\"auto, (max-width: 930px) 100vw, 930px\" \/><\/a><\/figure>\n\n\n\n<p style=\"font-size:1px\"><\/p>\n\n\n\n<figure class=\"wp-block-image size-large\"><a href=\"https:\/\/photos.app.goo.gl\/DMEfEVABjcfnFHYV9\" target=\"_blank\" rel=\"noopener\"><img loading=\"lazy\" decoding=\"async\" width=\"930\" height=\"189\" src=\"https:\/\/archers-odet.com\/WordPress-AO\/wp-content\/uploads\/2022\/05\/220529_Bret_Camp_930x190-2.png\" alt=\"29\/05\/2022 Championnat de Bretagne de tir campagne\" class=\"wp-image-6555\" srcset=\"https:\/\/archers-odet.com\/WordPress-AO\/wp-content\/uploads\/2022\/05\/220529_Bret_Camp_930x190-2.png 930w, https:\/\/archers-odet.com\/WordPress-AO\/wp-content\/uploads\/2022\/05\/220529_Bret_Camp_930x190-2-300x61.png 300w, https:\/\/archers-odet.com\/WordPress-AO\/wp-content\/uploads\/2022\/05\/220529_Bret_Camp_930x190-2-150x30.png 150w, https:\/\/archers-odet.com\/WordPress-AO\/wp-content\/uploads\/2022\/05\/220529_Bret_Camp_930x190-2-768x156.png 768w\" sizes=\"auto, (max-width: 930px) 100vw, 930px\" \/><\/a><\/figure>\n\n\n\n<p style=\"font-size:1px\"><\/p>\n\n\n\n<figure class=\"wp-block-image size-large\"><a href=\"https:\/\/photos.app.goo.gl\/6RKskyB4783Yvhme9\" target=\"_blank\" rel=\"noopener\"><img loading=\"lazy\" decoding=\"async\" width=\"930\" height=\"189\" src=\"https:\/\/archers-odet.com\/WordPress-AO\/wp-content\/uploads\/2022\/03\/220313_3D_930x190.png\" alt=\"Concours de tir 3D le 13\/03\/2022\" class=\"wp-image-6530\" srcset=\"https:\/\/archers-odet.com\/WordPress-AO\/wp-content\/uploads\/2022\/03\/220313_3D_930x190.png 930w, https:\/\/archers-odet.com\/WordPress-AO\/wp-content\/uploads\/2022\/03\/220313_3D_930x190-300x61.png 300w, https:\/\/archers-odet.com\/WordPress-AO\/wp-content\/uploads\/2022\/03\/220313_3D_930x190-150x30.png 150w, https:\/\/archers-odet.com\/WordPress-AO\/wp-content\/uploads\/2022\/03\/220313_3D_930x190-768x156.png 768w\" sizes=\"auto, (max-width: 930px) 100vw, 930px\" \/><\/a><\/figure>\n\n\n\n<p style=\"font-size:1px\"><\/p>\n\n\n\n<figure class=\"wp-block-image size-large\"><a href=\"https:\/\/photos.app.goo.gl\/kKA2toRptTnwSXQ48\" target=\"_blank\" rel=\"noopener\"><img loading=\"lazy\" decoding=\"async\" width=\"930\" height=\"189\" src=\"https:\/\/archers-odet.com\/WordPress-AO\/wp-content\/uploads\/2022\/01\/22012223_CD29_equipe_930x190.png\" alt=\"22\/23 janvier 2022\nChampionnat du Finist\u00e8re de tir en salle par \u00e9quipe de club et \u00e9quipe double mixte.\" class=\"wp-image-6523\" srcset=\"https:\/\/archers-odet.com\/WordPress-AO\/wp-content\/uploads\/2022\/01\/22012223_CD29_equipe_930x190.png 930w, https:\/\/archers-odet.com\/WordPress-AO\/wp-content\/uploads\/2022\/01\/22012223_CD29_equipe_930x190-300x61.png 300w, https:\/\/archers-odet.com\/WordPress-AO\/wp-content\/uploads\/2022\/01\/22012223_CD29_equipe_930x190-150x30.png 150w, https:\/\/archers-odet.com\/WordPress-AO\/wp-content\/uploads\/2022\/01\/22012223_CD29_equipe_930x190-768x156.png 768w\" sizes=\"auto, (max-width: 930px) 100vw, 930px\" \/><\/a><\/figure>\n\n\n\n<p style=\"font-size:1px\"><\/p>\n\n\n\n<figure class=\"wp-block-image size-large\"><a href=\"https:\/\/photos.app.goo.gl\/tJz9S5zA2xM9no4K6\" target=\"_blank\" rel=\"noopener\"><img decoding=\"async\" src=\"https:\/\/archers-odet.com\/WordPress-AO\/wp-content\/uploads\/2021\/11\/211107_Salle18m_930x190.png\" alt=\"\" class=\"wp-image-6441\"\/><\/a><\/figure>\n\n\n\n<p style=\"font-size:1px\"><\/p>\n\n\n\n<figure class=\"wp-block-image size-large\"><a href=\"https:\/\/photos.app.goo.gl\/uZ6y8dajKRiuPqQQ7\" target=\"_blank\" rel=\"noopener\"><img loading=\"lazy\" decoding=\"async\" width=\"930\" height=\"189\" src=\"https:\/\/archers-odet.com\/WordPress-AO\/wp-content\/uploads\/2021\/06\/210606_CD29_Campagne_930x190.png\" alt=\"\" class=\"wp-image-6271\" srcset=\"https:\/\/archers-odet.com\/WordPress-AO\/wp-content\/uploads\/2021\/06\/210606_CD29_Campagne_930x190.png 930w, https:\/\/archers-odet.com\/WordPress-AO\/wp-content\/uploads\/2021\/06\/210606_CD29_Campagne_930x190-300x61.png 300w, https:\/\/archers-odet.com\/WordPress-AO\/wp-content\/uploads\/2021\/06\/210606_CD29_Campagne_930x190-150x30.png 150w, https:\/\/archers-odet.com\/WordPress-AO\/wp-content\/uploads\/2021\/06\/210606_CD29_Campagne_930x190-768x156.png 768w\" sizes=\"auto, (max-width: 930px) 100vw, 930px\" \/><\/a><\/figure>\n\n\n\n<p style=\"font-size:1px\"><\/p>\n\n\n\n<figure class=\"wp-block-image size-large\"><a href=\"https:\/\/photos.app.goo.gl\/XzcLPMqxsSPnihfZA\" target=\"_blank\" rel=\"noopener\"><img loading=\"lazy\" decoding=\"async\" width=\"930\" height=\"189\" src=\"https:\/\/archers-odet.com\/WordPress-AO\/wp-content\/uploads\/2021\/05\/210529_TropheeNature_930x190.png\" alt=\"Photos du Troph\u00e9e Nature 29 &amp; 30 mai 2021\" class=\"wp-image-6268\" srcset=\"https:\/\/archers-odet.com\/WordPress-AO\/wp-content\/uploads\/2021\/05\/210529_TropheeNature_930x190.png 930w, https:\/\/archers-odet.com\/WordPress-AO\/wp-content\/uploads\/2021\/05\/210529_TropheeNature_930x190-300x61.png 300w, https:\/\/archers-odet.com\/WordPress-AO\/wp-content\/uploads\/2021\/05\/210529_TropheeNature_930x190-150x30.png 150w, https:\/\/archers-odet.com\/WordPress-AO\/wp-content\/uploads\/2021\/05\/210529_TropheeNature_930x190-768x156.png 768w\" sizes=\"auto, (max-width: 930px) 100vw, 930px\" \/><\/a><\/figure>\n\n\n\n<p style=\"font-size:1px\"><\/p>\n\n\n\n<figure class=\"wp-block-image is-style-default\"><a href=\"https:\/\/photos.app.goo.gl\/YMvkhtDNt78qjY9Z8\" target=\"_blank\" rel=\"noopener noreferrer\"><img decoding=\"async\" src=\"https:\/\/archers-odet.com\/WordPress-AO\/wp-content\/uploads\/2020\/04\/200308_3D_930x190.png\" alt=\"Tir 3D, le 08 mars 2020.\"\/><\/a><\/figure>\n\n\n\n<p style=\"font-size:1px\"><\/p>\n\n\n\n<figure class=\"wp-block-image is-style-default\"><a href=\"https:\/\/photos.app.goo.gl\/dpq737rfWHNnx6MU7\" target=\"_blank\" rel=\"noopener noreferrer\"><img decoding=\"async\" src=\"https:\/\/archers-odet.com\/WordPress-AO\/wp-content\/uploads\/2020\/04\/191012_Salle_930x190.png\" alt=\"Tir en salle \u00e0 18 m\u00e8tres, le 03 novembre 2019.\"\/><\/a><\/figure>\n\n\n\n<p style=\"font-size:1px\"><\/p>\n\n\n\n<figure class=\"wp-block-image is-style-default\"><a href=\"https:\/\/photos.app.goo.gl\/LaENdgbsMDwThXdz6\" target=\"_blank\" rel=\"noopener noreferrer\"><img decoding=\"async\" src=\"https:\/\/archers-odet.com\/WordPress-AO\/wp-content\/uploads\/2020\/04\/190602_TAE_CD29_930x190.png\" alt=\"Tir \u00e0 l'arc ext\u00e9rieur CD29, le 02 juin 2019.\"\/><\/a><\/figure>\n\n\n\n<p style=\"font-size:1px\"><\/p>\n\n\n\n<figure class=\"wp-block-image size-full\"><a href=\"https:\/\/photos.app.goo.gl\/HRRFd3qiXxTwDYHJ6\" target=\"_blank\" rel=\"noopener noreferrer\"><img loading=\"lazy\" decoding=\"async\" width=\"930\" height=\"189\" src=\"https:\/\/archers-odet.com\/WordPress-AO\/wp-content\/uploads\/2020\/08\/190310_3D_930x190.png\" alt=\"Photos du tir 3D, le 10 mars 2019, \u00e0 Saint Alouarn.\" class=\"wp-image-5352\" srcset=\"https:\/\/archers-odet.com\/WordPress-AO\/wp-content\/uploads\/2020\/08\/190310_3D_930x190.png 930w, https:\/\/archers-odet.com\/WordPress-AO\/wp-content\/uploads\/2020\/08\/190310_3D_930x190-300x61.png 300w, https:\/\/archers-odet.com\/WordPress-AO\/wp-content\/uploads\/2020\/08\/190310_3D_930x190-768x156.png 768w\" sizes=\"auto, (max-width: 930px) 100vw, 930px\" \/><\/a><\/figure>\n\n\n\n<p style=\"font-size:1px\"><\/p>\n\n\n\n<figure class=\"wp-block-image size-full\"><a href=\"https:\/\/photos.app.goo.gl\/YKVtovRtGUPMT9mZ7\" target=\"_blank\" rel=\"noopener noreferrer\"><img loading=\"lazy\" decoding=\"async\" width=\"930\" height=\"189\" src=\"https:\/\/archers-odet.com\/WordPress-AO\/wp-content\/uploads\/2020\/08\/19021617_LigueSalleEquipe_930x190.png\" alt=\"Photos du championnat de Bretagne de tir en salle par \u00e9quipe, les 16 et 17 f\u00e9vrier 2019, \u00e0 Quimper.\" class=\"wp-image-5357\" srcset=\"https:\/\/archers-odet.com\/WordPress-AO\/wp-content\/uploads\/2020\/08\/19021617_LigueSalleEquipe_930x190.png 930w, https:\/\/archers-odet.com\/WordPress-AO\/wp-content\/uploads\/2020\/08\/19021617_LigueSalleEquipe_930x190-300x61.png 300w, https:\/\/archers-odet.com\/WordPress-AO\/wp-content\/uploads\/2020\/08\/19021617_LigueSalleEquipe_930x190-768x156.png 768w\" sizes=\"auto, (max-width: 930px) 100vw, 930px\" \/><\/a><\/figure>\n\n\n\n<p style=\"font-size:1px\"><\/p>\n\n\n\n<figure class=\"wp-block-image size-full\"><a href=\"https:\/\/photos.app.goo.gl\/5sPByVyAxz2gGga37\" target=\"_blank\" rel=\"noopener noreferrer\"><img loading=\"lazy\" decoding=\"async\" width=\"930\" height=\"189\" src=\"https:\/\/archers-odet.com\/WordPress-AO\/wp-content\/uploads\/2020\/08\/181104_Salle_930x190.png\" alt=\"Photos du concours salle, le 04 novembre 2018, \u00e0 Quimper.\" class=\"wp-image-5351\" srcset=\"https:\/\/archers-odet.com\/WordPress-AO\/wp-content\/uploads\/2020\/08\/181104_Salle_930x190.png 930w, https:\/\/archers-odet.com\/WordPress-AO\/wp-content\/uploads\/2020\/08\/181104_Salle_930x190-300x61.png 300w, https:\/\/archers-odet.com\/WordPress-AO\/wp-content\/uploads\/2020\/08\/181104_Salle_930x190-768x156.png 768w\" sizes=\"auto, (max-width: 930px) 100vw, 930px\" \/><\/a><\/figure>\n\n\n\n<p style=\"font-size:1px\"><\/p>\n\n\n\n<figure class=\"wp-block-image size-full\"><a href=\"https:\/\/photos.app.goo.gl\/xMm1NZWLDHh5Z9Vz9\" target=\"_blank\" rel=\"noopener noreferrer\"><img loading=\"lazy\" decoding=\"async\" width=\"930\" height=\"189\" src=\"https:\/\/archers-odet.com\/WordPress-AO\/wp-content\/uploads\/2020\/08\/180429_FITA_930x190.png\" alt=\"Photos du concours FITA et F\u00e9d\u00e9ral, le 29 avril 2018, \u00e0 Quimper.\" class=\"wp-image-5350\" srcset=\"https:\/\/archers-odet.com\/WordPress-AO\/wp-content\/uploads\/2020\/08\/180429_FITA_930x190.png 930w, https:\/\/archers-odet.com\/WordPress-AO\/wp-content\/uploads\/2020\/08\/180429_FITA_930x190-300x61.png 300w, https:\/\/archers-odet.com\/WordPress-AO\/wp-content\/uploads\/2020\/08\/180429_FITA_930x190-768x156.png 768w\" sizes=\"auto, (max-width: 930px) 100vw, 930px\" \/><\/a><\/figure>\n\n\n\n<p style=\"font-size:1px\"><\/p>\n\n\n\n<figure class=\"wp-block-image size-full\"><a href=\"https:\/\/photos.app.goo.gl\/rrScuSZvNDDDheVQ7\" target=\"_blank\" rel=\"noopener noreferrer\"><img loading=\"lazy\" decoding=\"async\" width=\"930\" height=\"189\" src=\"https:\/\/archers-odet.com\/WordPress-AO\/wp-content\/uploads\/2020\/08\/180428_Mixtes_930x190.png\" alt=\"Photos du troph\u00e9e des Mixtes, le 28 avril 2018, \u00e0 Quimper.\" class=\"wp-image-5349\" srcset=\"https:\/\/archers-odet.com\/WordPress-AO\/wp-content\/uploads\/2020\/08\/180428_Mixtes_930x190.png 930w, https:\/\/archers-odet.com\/WordPress-AO\/wp-content\/uploads\/2020\/08\/180428_Mixtes_930x190-300x61.png 300w, https:\/\/archers-odet.com\/WordPress-AO\/wp-content\/uploads\/2020\/08\/180428_Mixtes_930x190-768x156.png 768w\" sizes=\"auto, (max-width: 930px) 100vw, 930px\" \/><\/a><\/figure>\n\n\n\n<p style=\"font-size:1px\"><\/p>\n\n\n\n<figure class=\"wp-block-image size-full\"><a href=\"https:\/\/photos.app.goo.gl\/nT8GDgPU34cGND4v1\" target=\"_blank\" rel=\"noopener noreferrer\"><img loading=\"lazy\" decoding=\"async\" width=\"930\" height=\"189\" src=\"https:\/\/archers-odet.com\/WordPress-AO\/wp-content\/uploads\/2020\/08\/180402_3D_930x190.png\" alt=\"Photos du championnat du Finist\u00e8re de tir 3D, le 02 avril 2018, \u00e0 Quimper.\" class=\"wp-image-5348\" srcset=\"https:\/\/archers-odet.com\/WordPress-AO\/wp-content\/uploads\/2020\/08\/180402_3D_930x190.png 930w, https:\/\/archers-odet.com\/WordPress-AO\/wp-content\/uploads\/2020\/08\/180402_3D_930x190-300x61.png 300w, https:\/\/archers-odet.com\/WordPress-AO\/wp-content\/uploads\/2020\/08\/180402_3D_930x190-768x156.png 768w\" sizes=\"auto, (max-width: 930px) 100vw, 930px\" \/><\/a><\/figure>\n\n\n\n<p style=\"font-size:1px\"><\/p>\n\n\n\n<figure class=\"wp-block-image size-full\"><a href=\"https:\/\/photos.app.goo.gl\/HfL1l3zd8pxpzKVR2\" target=\"_blank\" rel=\"noopener noreferrer\"><img loading=\"lazy\" decoding=\"async\" width=\"930\" height=\"189\" src=\"https:\/\/archers-odet.com\/WordPress-AO\/wp-content\/uploads\/2020\/08\/171105_Salle2x18_930x190.png\" alt=\"Photos du tir en salle, le 05 novembre 2017, \u00e0 Quimper.\" class=\"wp-image-5347\" srcset=\"https:\/\/archers-odet.com\/WordPress-AO\/wp-content\/uploads\/2020\/08\/171105_Salle2x18_930x190.png 930w, https:\/\/archers-odet.com\/WordPress-AO\/wp-content\/uploads\/2020\/08\/171105_Salle2x18_930x190-300x61.png 300w, https:\/\/archers-odet.com\/WordPress-AO\/wp-content\/uploads\/2020\/08\/171105_Salle2x18_930x190-768x156.png 768w\" sizes=\"auto, (max-width: 930px) 100vw, 930px\" \/><\/a><\/figure>\n\n\n\n<p style=\"font-size:1px\"><\/p>\n\n\n\n<figure class=\"wp-block-image size-full\"><a href=\"https:\/\/photos.app.goo.gl\/bf6M4pHXRWw1CS3w2\" target=\"_blank\" rel=\"noopener noreferrer\"><img loading=\"lazy\" decoding=\"async\" width=\"930\" height=\"189\" src=\"https:\/\/archers-odet.com\/WordPress-AO\/wp-content\/uploads\/2020\/08\/170701_Drapeau_930x190.png\" alt=\"Photos du tir au drapeau, le 01 juillet 2017, au ch\u00e2teau des Garennes, \u00e0 Clohars-Fouesnant.\" class=\"wp-image-5345\" srcset=\"https:\/\/archers-odet.com\/WordPress-AO\/wp-content\/uploads\/2020\/08\/170701_Drapeau_930x190.png 930w, https:\/\/archers-odet.com\/WordPress-AO\/wp-content\/uploads\/2020\/08\/170701_Drapeau_930x190-300x61.png 300w, https:\/\/archers-odet.com\/WordPress-AO\/wp-content\/uploads\/2020\/08\/170701_Drapeau_930x190-768x156.png 768w\" sizes=\"auto, (max-width: 930px) 100vw, 930px\" \/><\/a><\/figure>\n\n\n\n<p style=\"font-size:1px\"><\/p>\n\n\n\n<figure class=\"wp-block-image size-full\"><a href=\"https:\/\/goo.gl\/photos\/nmhkHwiAgXPWajDr9\" target=\"_blank\" rel=\"noopener noreferrer\"><img loading=\"lazy\" decoding=\"async\" width=\"930\" height=\"189\" src=\"https:\/\/archers-odet.com\/WordPress-AO\/wp-content\/uploads\/2020\/08\/170603_handisport_930x190.jpg\" alt=\"Photos du concours F\u00e9d\u00e9ral &amp; FITA Sport adapt\u00e9 et Handisport, le 03 juin 2017, au Corniguel, \u00e0 Quimper.\" class=\"wp-image-5344\" srcset=\"https:\/\/archers-odet.com\/WordPress-AO\/wp-content\/uploads\/2020\/08\/170603_handisport_930x190.jpg 930w, https:\/\/archers-odet.com\/WordPress-AO\/wp-content\/uploads\/2020\/08\/170603_handisport_930x190-300x61.jpg 300w, https:\/\/archers-odet.com\/WordPress-AO\/wp-content\/uploads\/2020\/08\/170603_handisport_930x190-768x156.jpg 768w\" sizes=\"auto, (max-width: 930px) 100vw, 930px\" \/><\/a><\/figure>\n\n\n\n<p style=\"font-size:1px\"><\/p>\n\n\n\n<figure class=\"wp-block-image size-full\"><a href=\"https:\/\/goo.gl\/photos\/jkohjbmWDAoFbUwU7\" target=\"_blank\" rel=\"noopener noreferrer\"><img loading=\"lazy\" decoding=\"async\" width=\"930\" height=\"189\" src=\"https:\/\/archers-odet.com\/WordPress-AO\/wp-content\/uploads\/2020\/08\/170312_3D_930x190.png\" alt=\"Photos du concours de tir 3D, le 12 mars 2017, dans les bois de Saint Alouarn.\" class=\"wp-image-5343\" srcset=\"https:\/\/archers-odet.com\/WordPress-AO\/wp-content\/uploads\/2020\/08\/170312_3D_930x190.png 930w, https:\/\/archers-odet.com\/WordPress-AO\/wp-content\/uploads\/2020\/08\/170312_3D_930x190-300x61.png 300w, https:\/\/archers-odet.com\/WordPress-AO\/wp-content\/uploads\/2020\/08\/170312_3D_930x190-768x156.png 768w\" sizes=\"auto, (max-width: 930px) 100vw, 930px\" \/><\/a><\/figure>\n\n\n\n<p style=\"font-size:1px\"><\/p>\n\n\n\n<figure class=\"wp-block-image size-full\"><a href=\"https:\/\/goo.gl\/photos\/YaD6uGfzfXE4kmCk6\" target=\"_blank\" rel=\"noopener noreferrer\"><img loading=\"lazy\" decoding=\"async\" width=\"930\" height=\"190\" src=\"https:\/\/archers-odet.com\/WordPress-AO\/wp-content\/uploads\/2020\/08\/170209_passage-fleches.jpg\" alt=\"Photos du passage de fl\u00e8ches de progression FFTA, le 09 f\u00e9vrier 2017.\" class=\"wp-image-5342\" srcset=\"https:\/\/archers-odet.com\/WordPress-AO\/wp-content\/uploads\/2020\/08\/170209_passage-fleches.jpg 930w, https:\/\/archers-odet.com\/WordPress-AO\/wp-content\/uploads\/2020\/08\/170209_passage-fleches-300x61.jpg 300w, https:\/\/archers-odet.com\/WordPress-AO\/wp-content\/uploads\/2020\/08\/170209_passage-fleches-768x157.jpg 768w\" sizes=\"auto, (max-width: 930px) 100vw, 930px\" \/><\/a><\/figure>\n\n\n\n<p style=\"font-size:1px\"><\/p>\n\n\n\n<figure class=\"wp-block-image size-full\"><a href=\"https:\/\/photos.app.goo.gl\/bAb9iC3yxbrffbSf9\" target=\"_blank\" rel=\"noopener noreferrer\"><img loading=\"lazy\" decoding=\"async\" width=\"930\" height=\"189\" src=\"https:\/\/archers-odet.com\/WordPress-AO\/wp-content\/uploads\/2020\/08\/170717_CD29_salle_930x190.jpg\" alt=\"Photos du championnat du Finist\u00e8re de tir en salle 2x18 m\u00e8tres, le 17 janvier 2017.\" class=\"wp-image-5346\" srcset=\"https:\/\/archers-odet.com\/WordPress-AO\/wp-content\/uploads\/2020\/08\/170717_CD29_salle_930x190.jpg 930w, https:\/\/archers-odet.com\/WordPress-AO\/wp-content\/uploads\/2020\/08\/170717_CD29_salle_930x190-300x61.jpg 300w, https:\/\/archers-odet.com\/WordPress-AO\/wp-content\/uploads\/2020\/08\/170717_CD29_salle_930x190-768x156.jpg 768w\" sizes=\"auto, (max-width: 930px) 100vw, 930px\" \/><\/a><\/figure>\n\n\n\n<p style=\"font-size:1px\"><\/p>\n\n\n\n<figure class=\"wp-block-image size-full\"><a href=\"https:\/\/goo.gl\/photos\/9WHT9CcULGeZdfYH6\" target=\"_blank\" rel=\"noopener noreferrer\"><img loading=\"lazy\" decoding=\"async\" width=\"930\" height=\"189\" src=\"https:\/\/archers-odet.com\/WordPress-AO\/wp-content\/uploads\/2020\/08\/161106_salle_930x190.jpg\" alt=\"Photos du concours qualificatif de tir en salle 2x18 m\u00e8tres, le 06 novembre 2016.\" class=\"wp-image-5341\" srcset=\"https:\/\/archers-odet.com\/WordPress-AO\/wp-content\/uploads\/2020\/08\/161106_salle_930x190.jpg 930w, https:\/\/archers-odet.com\/WordPress-AO\/wp-content\/uploads\/2020\/08\/161106_salle_930x190-300x61.jpg 300w, https:\/\/archers-odet.com\/WordPress-AO\/wp-content\/uploads\/2020\/08\/161106_salle_930x190-768x156.jpg 768w\" sizes=\"auto, (max-width: 930px) 100vw, 930px\" \/><\/a><\/figure>\n\n\n\n<p style=\"font-size:1px\"><\/p>\n\n\n\n<figure class=\"wp-block-image size-full\"><a href=\"https:\/\/goo.gl\/photos\/eEjCMjtkNtepwLDV9\" target=\"_blank\" rel=\"noopener noreferrer\"><img loading=\"lazy\" decoding=\"async\" width=\"930\" height=\"189\" src=\"https:\/\/archers-odet.com\/WordPress-AO\/wp-content\/uploads\/2020\/08\/160611_oiseau_930x190.jpg\" alt=\"Photos du tir du roi, lors de la f\u00eate de la Compagnie, le 11 juin 2016, \u00e0 Quimper.\" class=\"wp-image-5340\" srcset=\"https:\/\/archers-odet.com\/WordPress-AO\/wp-content\/uploads\/2020\/08\/160611_oiseau_930x190.jpg 930w, https:\/\/archers-odet.com\/WordPress-AO\/wp-content\/uploads\/2020\/08\/160611_oiseau_930x190-300x61.jpg 300w, https:\/\/archers-odet.com\/WordPress-AO\/wp-content\/uploads\/2020\/08\/160611_oiseau_930x190-768x156.jpg 768w\" sizes=\"auto, (max-width: 930px) 100vw, 930px\" \/><\/a><\/figure>\n\n\n\n<p style=\"font-size:1px\"><\/p>\n\n\n\n<figure class=\"wp-block-image size-full\"><a href=\"https:\/\/goo.gl\/photos\/vbFY5JQ44RN39VAW6\" target=\"_blank\" rel=\"noopener noreferrer\"><img loading=\"lazy\" decoding=\"async\" width=\"930\" height=\"189\" src=\"https:\/\/archers-odet.com\/WordPress-AO\/wp-content\/uploads\/2020\/08\/160410_190x160.jpg\" alt=\"Photos du Championnat du Finist\u00e8re de Tir Campagne, le 10 avril 2016, \u00e0 Saint Alouarn.\" class=\"wp-image-5339\" srcset=\"https:\/\/archers-odet.com\/WordPress-AO\/wp-content\/uploads\/2020\/08\/160410_190x160.jpg 930w, https:\/\/archers-odet.com\/WordPress-AO\/wp-content\/uploads\/2020\/08\/160410_190x160-300x61.jpg 300w, https:\/\/archers-odet.com\/WordPress-AO\/wp-content\/uploads\/2020\/08\/160410_190x160-768x156.jpg 768w\" sizes=\"auto, (max-width: 930px) 100vw, 930px\" \/><\/a><\/figure>\n\n\n\n<p style=\"font-size:1px\"><\/p>\n\n\n\n<figure class=\"wp-block-image size-full\"><a href=\"https:\/\/photos.app.goo.gl\/GJuFj2sSoiCXxLrs7\" target=\"_blank\" rel=\"noopener noreferrer\"><img loading=\"lazy\" decoding=\"async\" width=\"930\" height=\"189\" src=\"https:\/\/archers-odet.com\/WordPress-AO\/wp-content\/uploads\/2020\/08\/160306.jpg\" alt=\"Photos du concours qualificatif de tir 3D, le 06 mars 2016, \u00e0 Saint Alouarn.\" class=\"wp-image-5338\" srcset=\"https:\/\/archers-odet.com\/WordPress-AO\/wp-content\/uploads\/2020\/08\/160306.jpg 930w, https:\/\/archers-odet.com\/WordPress-AO\/wp-content\/uploads\/2020\/08\/160306-300x61.jpg 300w, https:\/\/archers-odet.com\/WordPress-AO\/wp-content\/uploads\/2020\/08\/160306-768x156.jpg 768w\" sizes=\"auto, (max-width: 930px) 100vw, 930px\" \/><\/a><\/figure>\n\n\n\n<p style=\"font-size:1px\"><\/p>\n\n\n\n<figure class=\"wp-block-image size-full\"><a href=\"https:\/\/goo.gl\/photos\/2m6zyiXM5Fks96p48\" target=\"_blank\" rel=\"noopener noreferrer\"><img loading=\"lazy\" decoding=\"async\" width=\"930\" height=\"189\" src=\"https:\/\/archers-odet.com\/WordPress-AO\/wp-content\/uploads\/2020\/08\/150613_930x190.jpg\" alt=\"Photos du tir au drapeau, lors de la f\u00eate annuelle de la Compagnie, le 13 juin 2015 au ch\u00e2teau des Garennes, \u00e0 Clohars-Fouesnant.\" class=\"wp-image-5337\" srcset=\"https:\/\/archers-odet.com\/WordPress-AO\/wp-content\/uploads\/2020\/08\/150613_930x190.jpg 930w, https:\/\/archers-odet.com\/WordPress-AO\/wp-content\/uploads\/2020\/08\/150613_930x190-300x61.jpg 300w, https:\/\/archers-odet.com\/WordPress-AO\/wp-content\/uploads\/2020\/08\/150613_930x190-768x156.jpg 768w\" sizes=\"auto, (max-width: 930px) 100vw, 930px\" \/><\/a><\/figure>\n\n\n\n<p style=\"font-size:1px\"><\/p>\n\n\n\n<figure class=\"wp-block-image size-full\"><a href=\"https:\/\/goo.gl\/photos\/yvUZfrQAUbufdTsB9\" target=\"_blank\" rel=\"noopener noreferrer\"><img loading=\"lazy\" decoding=\"async\" width=\"930\" height=\"190\" src=\"https:\/\/archers-odet.com\/WordPress-AO\/wp-content\/uploads\/2020\/08\/150308_930x190.jpg\" alt=\"Photos du concours qualificatif de tir 3D, le 08 mars 2015, \u00e0 Saint Alouarn.\" class=\"wp-image-5336\" srcset=\"https:\/\/archers-odet.com\/WordPress-AO\/wp-content\/uploads\/2020\/08\/150308_930x190.jpg 930w, https:\/\/archers-odet.com\/WordPress-AO\/wp-content\/uploads\/2020\/08\/150308_930x190-300x61.jpg 300w, https:\/\/archers-odet.com\/WordPress-AO\/wp-content\/uploads\/2020\/08\/150308_930x190-768x157.jpg 768w\" sizes=\"auto, (max-width: 930px) 100vw, 930px\" \/><\/a><\/figure>\n\n\n\n<p style=\"font-size:1px\"><\/p>\n\n\n\n<figure class=\"wp-block-image size-large\"><a href=\"https:\/\/goo.gl\/photos\/9iCkCpPci1tafjVN8\" target=\"_blank\" rel=\"noopener noreferrer\"><img loading=\"lazy\" decoding=\"async\" width=\"930\" height=\"190\" src=\"https:\/\/archers-odet.com\/WordPress-AO\/wp-content\/uploads\/2020\/08\/141109.jpg\" alt=\"Photos du concours qualificatif de tir en salle 2x18 m\u00e8tres, \u00e0 Quimper le 09 novembre 2014.\" class=\"wp-image-5335\" srcset=\"https:\/\/archers-odet.com\/WordPress-AO\/wp-content\/uploads\/2020\/08\/141109.jpg 930w, https:\/\/archers-odet.com\/WordPress-AO\/wp-content\/uploads\/2020\/08\/141109-300x61.jpg 300w, https:\/\/archers-odet.com\/WordPress-AO\/wp-content\/uploads\/2020\/08\/141109-768x157.jpg 768w\" sizes=\"auto, (max-width: 930px) 100vw, 930px\" \/><\/a><\/figure>\n\n\n\n<p style=\"font-size:1px\"><\/p>\n\n\n\n<figure class=\"wp-block-image size-full\"><a href=\"https:\/\/goo.gl\/photos\/SjuVhPFaRMpfnXYv8\" target=\"_blank\" rel=\"noopener noreferrer\"><img loading=\"lazy\" decoding=\"async\" width=\"930\" height=\"190\" src=\"https:\/\/archers-odet.com\/WordPress-AO\/wp-content\/uploads\/2020\/08\/140909_kerustum.png\" alt=\"Photos de l'inauguration du nouveau mur de tir dans la salle de sport du lyc\u00e9e de K\u00e9rustum, \u00e0 Quimper le 9 septembre 2014.\" class=\"wp-image-5334\" srcset=\"https:\/\/archers-odet.com\/WordPress-AO\/wp-content\/uploads\/2020\/08\/140909_kerustum.png 930w, https:\/\/archers-odet.com\/WordPress-AO\/wp-content\/uploads\/2020\/08\/140909_kerustum-300x61.png 300w, https:\/\/archers-odet.com\/WordPress-AO\/wp-content\/uploads\/2020\/08\/140909_kerustum-768x157.png 768w\" sizes=\"auto, (max-width: 930px) 100vw, 930px\" \/><\/a><\/figure>\n\n\n\n<p style=\"font-size:1px\"><\/p>\n\n\n\n<figure class=\"wp-block-image size-full\"><a href=\"https:\/\/goo.gl\/photos\/E5uas91S2NVzPSxT7\" target=\"_blank\" rel=\"noopener noreferrer\"><img loading=\"lazy\" decoding=\"async\" width=\"930\" height=\"190\" src=\"https:\/\/archers-odet.com\/WordPress-AO\/wp-content\/uploads\/2020\/08\/140907_forum_des_clubs.png\" alt=\"Photos de la participation des Archers de l'Odet au forum des clubs 2014 \u00e0 Quimper.\" class=\"wp-image-5333\" srcset=\"https:\/\/archers-odet.com\/WordPress-AO\/wp-content\/uploads\/2020\/08\/140907_forum_des_clubs.png 930w, https:\/\/archers-odet.com\/WordPress-AO\/wp-content\/uploads\/2020\/08\/140907_forum_des_clubs-300x61.png 300w, https:\/\/archers-odet.com\/WordPress-AO\/wp-content\/uploads\/2020\/08\/140907_forum_des_clubs-768x157.png 768w\" sizes=\"auto, (max-width: 930px) 100vw, 930px\" \/><\/a><\/figure>\n\n\n\n<p style=\"font-size:1px\"><\/p>\n\n\n\n<figure class=\"wp-block-image size-full\"><a href=\"https:\/\/photos.app.goo.gl\/bYeMi3SAgPSWN3cz9\" target=\"_blank\" rel=\"noopener noreferrer\"><img loading=\"lazy\" decoding=\"async\" width=\"930\" height=\"190\" src=\"https:\/\/archers-odet.com\/WordPress-AO\/wp-content\/uploads\/2020\/08\/140427.jpg\" alt=\"Photos du concours qualificatif de tir campagne, le 27 avril 2014, au lyc\u00e9e horticole de Kerbernez.\" class=\"wp-image-5331\" srcset=\"https:\/\/archers-odet.com\/WordPress-AO\/wp-content\/uploads\/2020\/08\/140427.jpg 930w, https:\/\/archers-odet.com\/WordPress-AO\/wp-content\/uploads\/2020\/08\/140427-300x61.jpg 300w, https:\/\/archers-odet.com\/WordPress-AO\/wp-content\/uploads\/2020\/08\/140427-768x157.jpg 768w\" sizes=\"auto, (max-width: 930px) 100vw, 930px\" \/><\/a><\/figure>\n\n\n\n<p style=\"font-size:1px\"><\/p>\n\n\n\n<figure class=\"wp-block-image size-full\"><a href=\"https:\/\/photos.app.goo.gl\/FoFm8GPM55B94HGC9\" target=\"_blank\" rel=\"noopener noreferrer\"><img loading=\"lazy\" decoding=\"async\" width=\"930\" height=\"190\" src=\"https:\/\/archers-odet.com\/WordPress-AO\/wp-content\/uploads\/2020\/08\/140309.jpg\" alt=\"Photos du concours qualificatif de tir 3D, le 09 mars 2014, au lyc\u00e9e horticole de Kerbernez.\" class=\"wp-image-5330\" srcset=\"https:\/\/archers-odet.com\/WordPress-AO\/wp-content\/uploads\/2020\/08\/140309.jpg 930w, https:\/\/archers-odet.com\/WordPress-AO\/wp-content\/uploads\/2020\/08\/140309-300x61.jpg 300w, https:\/\/archers-odet.com\/WordPress-AO\/wp-content\/uploads\/2020\/08\/140309-768x157.jpg 768w\" sizes=\"auto, (max-width: 930px) 100vw, 930px\" \/><\/a><\/figure>\n\n\n\n<p style=\"font-size:1px\"><\/p>\n\n\n\n<figure class=\"wp-block-image size-full\"><a href=\"https:\/\/goo.gl\/photos\/x7U9wWvZRnXFnae36\" target=\"_blank\" rel=\"noopener noreferrer\"><img loading=\"lazy\" decoding=\"async\" width=\"930\" height=\"190\" src=\"https:\/\/archers-odet.com\/WordPress-AO\/wp-content\/uploads\/2020\/08\/131103.jpg\" alt=\"Photos du concours qualificatif de tir en salle \u00e0 2x18 m\u00e8tres, le 03 novembre 2013.\" class=\"wp-image-5329\" srcset=\"https:\/\/archers-odet.com\/WordPress-AO\/wp-content\/uploads\/2020\/08\/131103.jpg 930w, https:\/\/archers-odet.com\/WordPress-AO\/wp-content\/uploads\/2020\/08\/131103-300x61.jpg 300w, https:\/\/archers-odet.com\/WordPress-AO\/wp-content\/uploads\/2020\/08\/131103-768x157.jpg 768w\" sizes=\"auto, (max-width: 930px) 100vw, 930px\" \/><\/a><\/figure>\n\n\n\n<p style=\"font-size:1px\"><\/p>\n\n\n\n<figure class=\"wp-block-image size-full\"><a href=\"https:\/\/goo.gl\/photos\/8fdqxZZPGrk454Rb9\" target=\"_blank\" rel=\"noopener noreferrer\"><img loading=\"lazy\" decoding=\"async\" width=\"930\" height=\"190\" src=\"https:\/\/archers-odet.com\/WordPress-AO\/wp-content\/uploads\/2020\/08\/130629.jpg\" alt=\"Photos du tir au drapeau lors de la f\u00eate annuelle de la Compagnie, le 29 juin 2013 au ch\u00e2teau des Garennes, \u00e0 Clohars-Fouesnant.\" class=\"wp-image-5328\" srcset=\"https:\/\/archers-odet.com\/WordPress-AO\/wp-content\/uploads\/2020\/08\/130629.jpg 930w, https:\/\/archers-odet.com\/WordPress-AO\/wp-content\/uploads\/2020\/08\/130629-300x61.jpg 300w, https:\/\/archers-odet.com\/WordPress-AO\/wp-content\/uploads\/2020\/08\/130629-768x157.jpg 768w\" sizes=\"auto, (max-width: 930px) 100vw, 930px\" \/><\/a><\/figure>\n\n\n\n<p style=\"font-size:1px\"><\/p>\n\n\n\n<figure class=\"wp-block-image size-full\"><a href=\"https:\/\/goo.gl\/photos\/v9jA7kiq4emgjLzb9\" target=\"_blank\" rel=\"noopener noreferrer\"><img loading=\"lazy\" decoding=\"async\" width=\"930\" height=\"190\" src=\"https:\/\/archers-odet.com\/WordPress-AO\/wp-content\/uploads\/2020\/08\/130616.jpg\" alt=\"Photos du Championnat de Bretagne de tir campagne, le 16 juin 2013, dans les murs de Quimper.\" class=\"wp-image-5327\" srcset=\"https:\/\/archers-odet.com\/WordPress-AO\/wp-content\/uploads\/2020\/08\/130616.jpg 930w, https:\/\/archers-odet.com\/WordPress-AO\/wp-content\/uploads\/2020\/08\/130616-300x61.jpg 300w, https:\/\/archers-odet.com\/WordPress-AO\/wp-content\/uploads\/2020\/08\/130616-768x157.jpg 768w\" sizes=\"auto, (max-width: 930px) 100vw, 930px\" \/><\/a><\/figure>\n\n\n\n<p style=\"font-size:1px\"><\/p>\n\n\n\n<figure class=\"wp-block-image size-full\"><a href=\"https:\/\/goo.gl\/photos\/HCe9ttRoEQgWPQmz9\" target=\"_blank\" rel=\"noopener noreferrer\"><img loading=\"lazy\" decoding=\"async\" width=\"930\" height=\"190\" src=\"https:\/\/archers-odet.com\/WordPress-AO\/wp-content\/uploads\/2020\/08\/121218.jpg\" alt=\"Photos du tir de No\u00ebl traditionnel de la Compagnie, le 18 d\u00e9cembre 2012.\" class=\"wp-image-5326\" srcset=\"https:\/\/archers-odet.com\/WordPress-AO\/wp-content\/uploads\/2020\/08\/121218.jpg 930w, https:\/\/archers-odet.com\/WordPress-AO\/wp-content\/uploads\/2020\/08\/121218-300x61.jpg 300w, https:\/\/archers-odet.com\/WordPress-AO\/wp-content\/uploads\/2020\/08\/121218-768x157.jpg 768w\" sizes=\"auto, (max-width: 930px) 100vw, 930px\" \/><\/a><\/figure>\n\n\n\n<p style=\"font-size:1px\"><\/p>\n\n\n\n<figure class=\"wp-block-image size-full\"><a href=\"https:\/\/goo.gl\/photos\/A5WsLCj6XFq7QcGu6\" target=\"_blank\" rel=\"noopener noreferrer\"><img loading=\"lazy\" decoding=\"async\" width=\"930\" height=\"190\" src=\"https:\/\/archers-odet.com\/WordPress-AO\/wp-content\/uploads\/2020\/08\/101010.jpg\" alt=\"Photos du concours qualificatif de tir en salle 2x18 m, le 10 octobre 2010, \u00e0 Penvillers.\" class=\"wp-image-5325\" srcset=\"https:\/\/archers-odet.com\/WordPress-AO\/wp-content\/uploads\/2020\/08\/101010.jpg 930w, https:\/\/archers-odet.com\/WordPress-AO\/wp-content\/uploads\/2020\/08\/101010-300x61.jpg 300w, https:\/\/archers-odet.com\/WordPress-AO\/wp-content\/uploads\/2020\/08\/101010-768x157.jpg 768w\" sizes=\"auto, (max-width: 930px) 100vw, 930px\" \/><\/a><\/figure>\n\n\n\n<p style=\"font-size:1px\"><\/p>\n\n\n\n<figure class=\"wp-block-image size-full\"><a href=\"https:\/\/goo.gl\/photos\/AFdSLsZt38MfTUtm6\" target=\"_blank\" rel=\"noopener noreferrer\"><img loading=\"lazy\" decoding=\"async\" width=\"930\" height=\"190\" src=\"https:\/\/archers-odet.com\/WordPress-AO\/wp-content\/uploads\/2020\/08\/100627.jpg\" alt=\"Photos du concours qualificatif de tir 3D, le 27 juin 2010, dans les bois de Saint Alouarn.\" class=\"wp-image-5324\" srcset=\"https:\/\/archers-odet.com\/WordPress-AO\/wp-content\/uploads\/2020\/08\/100627.jpg 930w, https:\/\/archers-odet.com\/WordPress-AO\/wp-content\/uploads\/2020\/08\/100627-300x61.jpg 300w, https:\/\/archers-odet.com\/WordPress-AO\/wp-content\/uploads\/2020\/08\/100627-768x157.jpg 768w\" sizes=\"auto, (max-width: 930px) 100vw, 930px\" \/><\/a><\/figure>\n\n\n\n<p style=\"font-size:1px\"><\/p>\n\n\n\n<figure class=\"wp-block-image size-full\"><a href=\"https:\/\/goo.gl\/photos\/U7Db7TQEg2Kp1yFD9\" target=\"_blank\" rel=\"noopener noreferrer\"><img loading=\"lazy\" decoding=\"async\" width=\"930\" height=\"190\" src=\"https:\/\/archers-odet.com\/WordPress-AO\/wp-content\/uploads\/2020\/08\/100605.jpg\" alt=\"Photos du traditionnel tir au drapeau, lors de la f\u00eate annuelle de la Compagnie, le 05 juin 2010, au ch\u00e2teau des Garennes, \u00e0 Clohars-Fouesnant.\" class=\"wp-image-5323\" srcset=\"https:\/\/archers-odet.com\/WordPress-AO\/wp-content\/uploads\/2020\/08\/100605.jpg 930w, https:\/\/archers-odet.com\/WordPress-AO\/wp-content\/uploads\/2020\/08\/100605-300x61.jpg 300w, https:\/\/archers-odet.com\/WordPress-AO\/wp-content\/uploads\/2020\/08\/100605-768x157.jpg 768w\" sizes=\"auto, (max-width: 930px) 100vw, 930px\" \/><\/a><\/figure>\n\n\n\n<p style=\"font-size:1px\"><\/p>\n\n\n\n<figure class=\"wp-block-image size-full\"><a href=\"https:\/\/goo.gl\/photos\/bW73CHPxu1wg5yqZ8\" target=\"_blank\" rel=\"noopener noreferrer\"><img loading=\"lazy\" decoding=\"async\" width=\"930\" height=\"190\" src=\"https:\/\/archers-odet.com\/WordPress-AO\/wp-content\/uploads\/2020\/08\/100307.jpg\" alt=\"Photos du concours qualificatif de tir 3D, le 07 mars 2010, dans les bois de Saint Alouarn.\" class=\"wp-image-5322\" srcset=\"https:\/\/archers-odet.com\/WordPress-AO\/wp-content\/uploads\/2020\/08\/100307.jpg 930w, https:\/\/archers-odet.com\/WordPress-AO\/wp-content\/uploads\/2020\/08\/100307-300x61.jpg 300w, https:\/\/archers-odet.com\/WordPress-AO\/wp-content\/uploads\/2020\/08\/100307-768x157.jpg 768w\" sizes=\"auto, (max-width: 930px) 100vw, 930px\" \/><\/a><\/figure>\n\n\n\n<p style=\"font-size:1px\"><\/p>\n\n\n\n<figure class=\"wp-block-image size-full\"><a href=\"https:\/\/goo.gl\/photos\/PQNCXFRmM8MjjVor6\" target=\"_blank\" rel=\"noopener noreferrer\"><img loading=\"lazy\" decoding=\"async\" width=\"930\" height=\"190\" src=\"https:\/\/archers-odet.com\/WordPress-AO\/wp-content\/uploads\/2020\/08\/090620.jpg\" alt=\"Photos du traditionnel tir \u00e0 l'oiseau, \u00e0 la perche, lors de la f\u00eate annuelle de la Compagnie, le 20 juin 2009, au ch\u00e2teau des Garennes, \u00e0 Clohars-Fouesnant.\" class=\"wp-image-5321\" srcset=\"https:\/\/archers-odet.com\/WordPress-AO\/wp-content\/uploads\/2020\/08\/090620.jpg 930w, https:\/\/archers-odet.com\/WordPress-AO\/wp-content\/uploads\/2020\/08\/090620-300x61.jpg 300w, https:\/\/archers-odet.com\/WordPress-AO\/wp-content\/uploads\/2020\/08\/090620-768x157.jpg 768w\" sizes=\"auto, (max-width: 930px) 100vw, 930px\" \/><\/a><\/figure>\n\n\n\n<p style=\"font-size:1px\"><\/p>\n\n\n\n<figure class=\"wp-block-image size-full\"><a href=\"https:\/\/goo.gl\/photos\/gaVWrjxVJSQ13uVQ7\" target=\"_blank\" rel=\"noopener noreferrer\"><img loading=\"lazy\" decoding=\"async\" width=\"930\" height=\"190\" src=\"https:\/\/archers-odet.com\/WordPress-AO\/wp-content\/uploads\/2020\/08\/090419.jpg\" alt=\"Photos du concours qualificatif de tir campagne, le 19 avril 2009, dans les bois de Saint Alouarn.\" class=\"wp-image-5320\" srcset=\"https:\/\/archers-odet.com\/WordPress-AO\/wp-content\/uploads\/2020\/08\/090419.jpg 930w, https:\/\/archers-odet.com\/WordPress-AO\/wp-content\/uploads\/2020\/08\/090419-300x61.jpg 300w, https:\/\/archers-odet.com\/WordPress-AO\/wp-content\/uploads\/2020\/08\/090419-768x157.jpg 768w\" sizes=\"auto, (max-width: 930px) 100vw, 930px\" \/><\/a><\/figure>\n\n\n\n<p style=\"font-size:1px\"><\/p>\n\n\n\n<figure class=\"wp-block-image size-full\"><a href=\"https:\/\/goo.gl\/photos\/cMpVthf18tnjQkJV9\" target=\"_blank\" rel=\"noopener noreferrer\"><img loading=\"lazy\" decoding=\"async\" width=\"930\" height=\"190\" src=\"https:\/\/archers-odet.com\/WordPress-AO\/wp-content\/uploads\/2020\/08\/070311.jpg\" alt=\"Photos du concours qualificatif de tir 3D, le 11 mars 2007, dans les bois de Saint Alouarn.\" class=\"wp-image-5319\" srcset=\"https:\/\/archers-odet.com\/WordPress-AO\/wp-content\/uploads\/2020\/08\/070311.jpg 930w, https:\/\/archers-odet.com\/WordPress-AO\/wp-content\/uploads\/2020\/08\/070311-300x61.jpg 300w, https:\/\/archers-odet.com\/WordPress-AO\/wp-content\/uploads\/2020\/08\/070311-768x157.jpg 768w\" sizes=\"auto, (max-width: 930px) 100vw, 930px\" \/><\/a><\/figure>\n\n\n\n<p><\/p>\n\n\n\n<p><\/p>\n","protected":false},"excerpt":{"rendered":"","protected":false},"author":2,"featured_media":0,"parent":0,"menu_order":0,"comment_status":"closed","ping_status":"closed","template":"","meta":{"footnotes":""},"class_list":["post-86","page","type-page","status-publish","hentry"],"_links":{"self":[{"href":"https:\/\/archers-odet.com\/WordPress-AO\/wp-json\/wp\/v2\/pages\/86","targetHints":{"allow":["GET"]}}],"collection":[{"href":"https:\/\/archers-odet.com\/WordPress-AO\/wp-json\/wp\/v2\/pages"}],"about":[{"href":"https:\/\/archers-odet.com\/WordPress-AO\/wp-json\/wp\/v2\/types\/page"}],"author":[{"embeddable":true,"href":"https:\/\/archers-odet.com\/WordPress-AO\/wp-json\/wp\/v2\/users\/2"}],"replies":[{"embeddable":true,"href":"https:\/\/archers-odet.com\/WordPress-AO\/wp-json\/wp\/v2\/comments?post=86"}],"version-history":[{"count":84,"href":"https:\/\/archers-odet.com\/WordPress-AO\/wp-json\/wp\/v2\/pages\/86\/revisions"}],"predecessor-version":[{"id":7312,"href":"https:\/\/archers-odet.com\/WordPress-AO\/wp-json\/wp\/v2\/pages\/86\/revisions\/7312"}],"wp:attachment":[{"href":"https:\/\/archers-odet.com\/WordPress-AO\/wp-json\/wp\/v2\/media?parent=86"}],"curies":[{"name":"wp","href":"https:\/\/api.w.org\/{rel}","templated":true}]}}